{"id":9313,"date":"2025-05-20T09:32:19","date_gmt":"2025-05-20T07:32:19","guid":{"rendered":"https:\/\/tec5.com\/?page_id=9313"},"modified":"2025-09-02T10:20:12","modified_gmt":"2025-09-02T08:20:12","slug":"laser-world-of-photonics-2025-spectral-afterglow","status":"publish","type":"page","link":"https:\/\/tec5.com\/de\/dialog\/laser-world-of-photonics-2025-spectral-afterglow\/","title":{"rendered":"LASER World of PHOTONICS 2025 &#8211; Spectral Afterglow"},"content":{"rendered":"<h1><span style=\"margin-bottom: -35px; margin-top: -10px; font-size: 16px; color: gray; display: block;\"> tec5 AG auf der LASER World of PHOTONICS 2025<\/span><br \/>\nSpectral Afterglow <span style=\"color: gray;\">\u2013 Pers\u00f6nliche Einladung<\/span><\/h1>\n<div class=\"su-row d-md-flex\">\n<div class=\"su-column su-column-size-2-3\"><div class=\"su-column-inner su-u-clearfix su-u-trim\"> <\/p>\n<p><strong>Sch\u00f6n, dass Sie unserem Einladungs-Link gefolgt sind!<\/strong><\/p>\n<p>Freuen Sie sich auf <em>Spectral Afterglow<\/em> \u2013 unseren Ausklang des Messe-Mittwochs f\u00fcr Experten und Freunde der Prozessanalytik.<\/p>\n<p style=\"text-align: center;\">\ud83d\udcc5 <strong>Mittwoch, 25. Juni 2025, 17:00 Uhr<\/strong>\u00a0 <span style=\"display: inline-block;\">\u00a0\ud83d\udccd <strong>\u00a0tec5 Stand, Halle 3, Stand 218<\/strong><\/span><\/p>\n<p>Wir erwarten Sie mit Snacks, ausgew\u00e4hlten Getr\u00e4nken und viel Raum f\u00fcr entspannten Austausch, gemeinsame Perspektiven und neue Impulse.<\/p>\n<p><strong>Bitte lassen Sie uns wissen, ob wir mit Ihnen rechnen d\u00fcrfen<\/strong>:<\/p>\n\n<div class=\"wpcf7 no-js\" id=\"wpcf7-f9165-o1\" lang=\"de-DE\" dir=\"ltr\" data-wpcf7-id=\"9165\">\n<div class=\"screen-reader-response\"><p role=\"status\" aria-live=\"polite\" aria-atomic=\"true\"><\/p> <ul><\/ul><\/div>\n<form action=\"\/de\/wp-json\/wp\/v2\/pages\/9313#wpcf7-f9165-o1\" method=\"post\" class=\"wpcf7-form init\" aria-label=\"Kontaktformular\" novalidate=\"novalidate\" data-status=\"init\">\n<fieldset class=\"hidden-fields-container\"><input type=\"hidden\" name=\"_wpcf7\" value=\"9165\" \/><input type=\"hidden\" name=\"_wpcf7_version\" value=\"6.1.5\" \/><input type=\"hidden\" name=\"_wpcf7_locale\" value=\"de_DE\" \/><input type=\"hidden\" name=\"_wpcf7_unit_tag\" value=\"wpcf7-f9165-o1\" \/><input type=\"hidden\" name=\"_wpcf7_container_post\" value=\"0\" \/><input type=\"hidden\" name=\"_wpcf7_posted_data_hash\" value=\"\" \/><input type=\"hidden\" name=\"_wpcf7cf_hidden_group_fields\" value=\"[]\" \/><input type=\"hidden\" name=\"_wpcf7cf_hidden_groups\" value=\"[]\" \/><input type=\"hidden\" name=\"_wpcf7cf_visible_groups\" value=\"[]\" \/><input type=\"hidden\" name=\"_wpcf7cf_repeaters\" value=\"[]\" \/><input type=\"hidden\" name=\"_wpcf7cf_steps\" value=\"{}\" \/><input type=\"hidden\" name=\"_wpcf7cf_options\" value=\"{&quot;form_id&quot;:9165,&quot;conditions&quot;:[{&quot;then_field&quot;:&quot;group_contactdata&quot;,&quot;and_rules&quot;:[{&quot;if_field&quot;:&quot;participation&quot;,&quot;operator&quot;:&quot;not empty&quot;,&quot;if_value&quot;:&quot;Bitte Uhrzeit w\\u00e4hlen*&quot;}]},{&quot;then_field&quot;:&quot;group_participation&quot;,&quot;and_rules&quot;:[{&quot;if_field&quot;:&quot;participation&quot;,&quot;operator&quot;:&quot;equals&quot;,&quot;if_value&quot;:&quot;Ja, ich bin dabei&quot;}]},{&quot;then_field&quot;:&quot;ticketvoucher&quot;,&quot;and_rules&quot;:[{&quot;if_field&quot;:&quot;participation&quot;,&quot;operator&quot;:&quot;equals&quot;,&quot;if_value&quot;:&quot;Ja, ich bin dabei&quot;}]}],&quot;settings&quot;:{&quot;animation&quot;:&quot;yes&quot;,&quot;animation_intime&quot;:200,&quot;animation_outtime&quot;:200,&quot;conditions_ui&quot;:&quot;normal&quot;,&quot;notice_dismissed&quot;:false,&quot;notice_dismissed_update-cf7-6.1.2&quot;:true}}\" \/>\n<\/fieldset>\n<div class=\"t5-eventform\">\n<div class=\"wpcf7-response-output\" aria-hidden=\"true\"><\/div>\n<input class=\"wpcf7-form-control wpcf7-hidden\" value=\"\" type=\"hidden\" name=\"ls\" \/>\n\t<div class=\"row\">\n\t\t<div class=\"col-lg-6 col-sm-12\">\n\t\t\t<p><span class=\"wpcf7-form-control-wrap\" data-name=\"participation\"><span class=\"wpcf7-form-control wpcf7-radio\"><span class=\"wpcf7-list-item first\"><label><input type=\"radio\" name=\"participation\" value=\"Ja, ich bin dabei\" \/><span class=\"wpcf7-list-item-label\">Ja, ich bin dabei<\/span><\/label><\/span><span class=\"wpcf7-list-item last\"><label><input type=\"radio\" name=\"participation\" value=\"Nein, ich werde nicht teilnehmen\" \/><span class=\"wpcf7-list-item-label\">Nein, ich werde nicht teilnehmen<\/span><\/label><\/span><\/span><\/span>\n\t\t\t<\/p>\n\t\t<\/div>\n\t\t<div class=\"col-lg-6 col-sm-12\">\n\t\t\t<p>&nbsp;\n\t\t\t<\/p>\n\t\t<\/div>\n\t<\/div>\n\t<div data-id=\"group_contactdata\" data-orig_data_id=\"group_contactdata\"  class=\"\" data-class=\"wpcf7cf_group\">\n\t\t<h3 style=\"margin-top:5px;\">Kontaktdaten\n\t\t<\/h3>\n\t\t<div class=\"row\">\n\t\t\t<div class=\"col-lg-6 col-sm-12\">\n\t\t\t\t<p><span class=\"wpcf7-form-control-wrap\" data-name=\"fullname\"><input size=\"40\" maxlength=\"400\" class=\"wpcf7-form-control wpcf7-text wpcf7-validates-as-required\" aria-required=\"true\" aria-invalid=\"false\" placeholder=\"Ihr Name*\" value=\"\" type=\"text\" name=\"fullname\" \/><\/span>\n\t\t\t\t<\/p>\n\t\t\t<\/div>\n\t\t\t<div class=\"col-lg-6 col-sm-12\">\n\t\t\t\t<p><span class=\"wpcf7-form-control-wrap\" data-name=\"email\"><input size=\"40\" maxlength=\"400\" class=\"wpcf7-form-control wpcf7-email wpcf7-validates-as-required wpcf7-text wpcf7-validates-as-email\" aria-required=\"true\" aria-invalid=\"false\" placeholder=\"E-Mail*\" value=\"\" type=\"email\" name=\"email\" \/><\/span>\n\t\t\t\t<\/p>\n\t\t\t<\/div>\n\t\t<\/div>\n\t\t<div data-id=\"group_participation\" data-orig_data_id=\"group_participation\"  class=\"\" data-class=\"wpcf7cf_group\">\n\t\t\t<div class=\"row\">\n\t\t\t\t<div class=\"col-lg-6 col-sm-12\">\n\t\t\t\t\t<p><span class=\"wpcf7-form-control-wrap\" data-name=\"firma\"><input size=\"40\" maxlength=\"400\" class=\"wpcf7-form-control wpcf7-text wpcf7-validates-as-required\" aria-required=\"true\" aria-invalid=\"false\" placeholder=\"Unternehmen*\" value=\"\" type=\"text\" name=\"firma\" \/><\/span>\n\t\t\t\t\t<\/p>\n\t\t\t\t<\/div>\n\t\t\t\t<div class=\"col-lg-6 col-sm-12\">\n\t\t\t\t\t<p><span class=\"wpcf7-form-control-wrap\" data-name=\"telefon\"><input size=\"40\" maxlength=\"400\" class=\"wpcf7-form-control wpcf7-tel wpcf7-text wpcf7-validates-as-tel\" aria-invalid=\"false\" placeholder=\"Telefon\" value=\"\" type=\"tel\" name=\"telefon\" \/><\/span>\n\t\t\t\t\t<\/p>\n\t\t\t\t<\/div>\n\t\t\t<\/div>\n\t\t<\/div>\n\t\t<div class=\"row\">\n\t\t\t<div class=\"col-lg-12 col-sm-12\">\n\t\t\t\t<p><span class=\"wpcf7-form-control-wrap\" data-name=\"nachricht\"><textarea cols=\"50\" rows=\"2\" maxlength=\"2000\" class=\"wpcf7-form-control wpcf7-textarea\" aria-invalid=\"false\" placeholder=\"Zus\u00e4tzliche Informationen (optional)\" name=\"nachricht\"><\/textarea><\/span>\n\t\t\t\t<\/p>\n\t\t\t<\/div>\n\t\t\t<div data-id=\"ticketvoucher\" data-orig_data_id=\"ticketvoucher\"  class=\"\" data-class=\"wpcf7cf_group\">\n\t\t\t\t<div class=\"col-lg-12 col-sm-12\" style=\"margin-bottom: -10px;\">\n\t\t\t\t\t<p><span class=\"wpcf7-form-control-wrap\" data-name=\"ticket\"><span class=\"wpcf7-form-control wpcf7-checkbox\"><span class=\"wpcf7-list-item first last\"><label><input type=\"checkbox\" name=\"ticket[]\" value=\"Bitte senden Sie mir ein Ticket-Gutschein\" \/><span class=\"wpcf7-list-item-label\">Bitte senden Sie mir ein Ticket-Gutschein<\/span><\/label><\/span><\/span><\/span>\n\t\t\t\t\t<\/p>\n\t\t\t\t<\/div>\n\t\t\t<\/div>\n\t\t\t<div class=\"col-lg-12 col-sm-12 \">\n\t\t\t\t<p><span class=\"wpcf7-form-control-wrap\" data-name=\"datenschutzhinweis\"><span class=\"wpcf7-form-control wpcf7-acceptance\"><span class=\"wpcf7-list-item\"><label><input type=\"checkbox\" name=\"datenschutzhinweis\" value=\"1\" aria-invalid=\"false\" \/><span class=\"wpcf7-list-item-label\">Ich stimme der Verarbeitung meiner Daten gem\u00e4\u00df der <a href=\"https:\/\/tec5.com\/de\/datenschutzhinweis\/\" target=\"_new\">tec5 Datenschutzhinweise<\/a> zu.<\/span><\/label><\/span><\/span><\/span><span style=\"color:grey; \">&nbsp; &nbsp; &nbsp;&nbsp;|&nbsp;*&nbsp;=&nbsp;Pflichtfelder<\/span>\n\t\t\t\t<\/p>\n\t\t\t<\/div>\n\t\t<\/div>\n\t<div class=\"wpcf7-response-output\" aria-hidden=\"true\"><\/div>\n\t\t<div>\n\t\t\t<p><input class=\"wpcf7-form-control wpcf7-submit has-spinner\" type=\"submit\" value=\"Senden\" \/>\n\t\t\t<\/p>\n\t\t<\/div>\n\t<\/div>\n<\/div><input type='hidden' class='wpcf7-pum' value='{\"closepopup\":false,\"closedelay\":0,\"openpopup\":false,\"openpopup_id\":0}' \/>\n<\/form>\n<\/div>\n\n<p style=\"margin-bottom: 90px;\"><strong>Wir freuen uns auf Sie!<\/strong><\/p>\n<\/div><\/div>\n<div class=\"su-column su-column-size-1-3\"><div class=\"su-column-inner su-u-clearfix su-u-trim\">\n<p><img class=\"wp-image-7483 size-full\" style=\"width: 70%; margin-top: -90px;\" src=\"https:\/\/tec5.com\/wp-content\/uploads\/2025\/05\/LASER_WoP-e1746174057367.webp\" alt=\"LASER World of PHOTONICS 2025\" \/><\/p>\n<p style=\"margin-top: 35px; margin-bottom: 10px;\"><strong>Unser Team vor Ort erwartet Sie:<\/strong><\/p>\n<p class=\"t5-single-contact\"><img class=\"t5-contact-picture\" src=\"https:\/\/tec5.com\/wp-content\/uploads\/2025\/05\/NPE_sw_600x600px.png\" \/>\r\n<span class=\"t5-contact-name\">Nikolaus Petzold<\/span>\r\n<span class=\"t5-contact-jobtitel\">CEO<\/span>\r\n<span class=\"t5-contact-phone\">T: <a title=\"Click to call\" href=\"tel:+49 6171 9758-0\">+49 6171 9758-0<\/a><\/span>\r\n<span class=\"t5-contact-email\"> <a title=\"Click to send email\" href=\"mailto:n.petzold@tec5.com\"> <span class=\"t5-contact-email-display\">n.petzold@tec5.com<\/span><\/a><\/span>\r\n\n<p class=\"t5-single-contact\"><img class=\"t5-contact-picture\" src=\"https:\/\/tec5.com\/wp-content\/uploads\/2025\/05\/JNO_sw_600x600px.png\" \/>\r\n<span class=\"t5-contact-name\">Dr. Jens Nolte<\/span>\r\n<span class=\"t5-contact-jobtitel\">CTO<\/span>\r\n<span class=\"t5-contact-phone\">T: <a title=\"Click to call\" href=\"tel:+49 6171 9758-0\">+49 6171 9758-0<\/a><\/span>\r\n<span class=\"t5-contact-email\"> <a title=\"Click to send email\" href=\"mailto:j.nolte@tec5.com\"> <span class=\"t5-contact-email-display\">j.nolte@tec5.com<\/span><\/a><\/span>\r\n\n<p class=\"t5-single-contact\"><img class=\"t5-contact-picture\" src=\"https:\/\/tec5.com\/wp-content\/uploads\/2025\/03\/MHO_sw_600x600px.jpg\" \/>\r\n<span class=\"t5-contact-name\">Mathias Holzapfel<\/span>\r\n<span class=\"t5-contact-jobtitel\">Head of Sales<\/span>\r\n<span class=\"t5-contact-phone\">T: <a title=\"Click to call\" href=\"tel:+49 172 6989577\">+49 172 6989577<\/a><\/span>\r\n<span class=\"t5-contact-email\"> <a title=\"Click to send email\" href=\"mailto:m.holzapfel@tec5.com\"> <span class=\"t5-contact-email-display\">m.holzapfel@tec5.com<\/span><\/a><\/span>\r\n\n<p class=\"t5-single-contact\"><img class=\"t5-contact-picture\" src=\"https:\/\/tec5.com\/wp-content\/uploads\/2025\/04\/SDE_sw_600x600px-1.png\" \/>\r\n<span class=\"t5-contact-name\">Dr. Sebastian Dedera<\/span>\r\n<span class=\"t5-contact-jobtitel\">Application Technology<\/span>\r\n<span class=\"t5-contact-phone\">T: <a title=\"Click to call\" href=\"tel:+49 172 723 00 42\">+49 172 723 00 42<\/a><\/span>\r\n<span class=\"t5-contact-email\"> <a title=\"Click to send email\" href=\"mailto:s.dedera@tec5.com\"> <span class=\"t5-contact-email-display\">s.dedera@tec5.com<\/span><\/a><\/span>\r\n\n<\/div><\/div>\n<\/div>\n","protected":false},"excerpt":{"rendered":"<p>tec5 AG auf der LASER World of PHOTONICS 2025 Spectral Afterglow \u2013 Pers\u00f6nliche Einladung<\/p>\n","protected":false},"author":10,"featured_media":9209,"parent":6120,"menu_order":0,"comment_status":"closed","ping_status":"closed","template":"","meta":{"_acf_changed":false,"footnotes":""},"tags":[],"class_list":["post-9313","page","type-page","status-publish","has-post-thumbnail","hentry"],"acf":[],"yoast_head":"<!-- This site is optimized with the Yoast SEO plugin v27.4 - https:\/\/yoast.com\/product\/yoast-seo-wordpress\/ -->\n<title>LASER World of PHOTONICS 2025 - Spectral Afterglow - tec5<\/title>\n<meta name=\"description\" content=\"Besuchen Sie uns in Halle 3, Stand 218. Reservieren Sie jetzt Ihren pers\u00f6nlichen Termin mit unseren Spektroskopie- und PAT-Experten.\" \/>\n<meta name=\"robots\" content=\"index, follow, max-snippet:-1, max-image-preview:large, max-video-preview:-1\" \/>\n<link rel=\"canonical\" href=\"https:\/\/tec5.com\/de\/dialog\/laser-world-of-photonics-2025-spectral-afterglow\/\" \/>\n<meta property=\"og:locale\" content=\"de_DE\" \/>\n<meta property=\"og:type\" content=\"article\" \/>\n<meta property=\"og:title\" content=\"LASER World of PHOTONICS 2025 - Spectral Afterglow - tec5\" \/>\n<meta property=\"og:description\" content=\"Besuchen Sie uns in Halle 3, Stand 218. Reservieren Sie jetzt Ihren pers\u00f6nlichen Termin mit unseren Spektroskopie- und PAT-Experten.\" \/>\n<meta property=\"og:url\" content=\"https:\/\/tec5.com\/de\/dialog\/laser-world-of-photonics-2025-spectral-afterglow\/\" \/>\n<meta property=\"og:site_name\" content=\"tec5\" \/>\n<meta property=\"article:modified_time\" content=\"2025-09-02T08:20:12+00:00\" \/>\n<meta property=\"og:image\" content=\"https:\/\/tec5.com\/wp-content\/uploads\/2025\/05\/LaserWoP-Afterglow-Banner2-e1746178035832.jpg?_t=1760359694\" \/>\n\t<meta property=\"og:image:width\" content=\"1280\" \/>\n\t<meta property=\"og:image:height\" content=\"200\" \/>\n\t<meta property=\"og:image:type\" content=\"image\/jpeg\" \/>\n<meta name=\"twitter:card\" content=\"summary_large_image\" \/>\n<meta name=\"twitter:label1\" content=\"Gesch\u00e4tzte Lesezeit\" \/>\n\t<meta name=\"twitter:data1\" content=\"2\u00a0Minuten\" \/>\n<script type=\"application\/ld+json\" class=\"yoast-schema-graph\">{\"@context\":\"https:\\\/\\\/schema.org\",\"@graph\":[{\"@type\":\"WebPage\",\"@id\":\"https:\\\/\\\/tec5.com\\\/de\\\/dialog\\\/laser-world-of-photonics-2025-spectral-afterglow\\\/\",\"url\":\"https:\\\/\\\/tec5.com\\\/de\\\/dialog\\\/laser-world-of-photonics-2025-spectral-afterglow\\\/\",\"name\":\"LASER World of PHOTONICS 2025 - Spectral Afterglow - tec5\",\"isPartOf\":{\"@id\":\"https:\\\/\\\/tec5.com\\\/de\\\/#website\"},\"primaryImageOfPage\":{\"@id\":\"https:\\\/\\\/tec5.com\\\/de\\\/dialog\\\/laser-world-of-photonics-2025-spectral-afterglow\\\/#primaryimage\"},\"image\":{\"@id\":\"https:\\\/\\\/tec5.com\\\/de\\\/dialog\\\/laser-world-of-photonics-2025-spectral-afterglow\\\/#primaryimage\"},\"thumbnailUrl\":\"https:\\\/\\\/tec5.com\\\/wp-content\\\/uploads\\\/2025\\\/05\\\/LaserWoP-Afterglow-Banner2-e1746178035832.jpg\",\"datePublished\":\"2025-05-20T07:32:19+00:00\",\"dateModified\":\"2025-09-02T08:20:12+00:00\",\"description\":\"Besuchen Sie uns in Halle 3, Stand 218. Reservieren Sie jetzt Ihren pers\u00f6nlichen Termin mit unseren Spektroskopie- und PAT-Experten.\",\"breadcrumb\":{\"@id\":\"https:\\\/\\\/tec5.com\\\/de\\\/dialog\\\/laser-world-of-photonics-2025-spectral-afterglow\\\/#breadcrumb\"},\"inLanguage\":\"de\",\"potentialAction\":[{\"@type\":\"ReadAction\",\"target\":[\"https:\\\/\\\/tec5.com\\\/de\\\/dialog\\\/laser-world-of-photonics-2025-spectral-afterglow\\\/\"]}]},{\"@type\":\"ImageObject\",\"inLanguage\":\"de\",\"@id\":\"https:\\\/\\\/tec5.com\\\/de\\\/dialog\\\/laser-world-of-photonics-2025-spectral-afterglow\\\/#primaryimage\",\"url\":\"https:\\\/\\\/tec5.com\\\/wp-content\\\/uploads\\\/2025\\\/05\\\/LaserWoP-Afterglow-Banner2-e1746178035832.jpg\",\"contentUrl\":\"https:\\\/\\\/tec5.com\\\/wp-content\\\/uploads\\\/2025\\\/05\\\/LaserWoP-Afterglow-Banner2-e1746178035832.jpg\",\"width\":1280,\"height\":200},{\"@type\":\"BreadcrumbList\",\"@id\":\"https:\\\/\\\/tec5.com\\\/de\\\/dialog\\\/laser-world-of-photonics-2025-spectral-afterglow\\\/#breadcrumb\",\"itemListElement\":[{\"@type\":\"ListItem\",\"position\":1,\"name\":\"Startseite\",\"item\":\"https:\\\/\\\/tec5.com\\\/de\\\/\"},{\"@type\":\"ListItem\",\"position\":2,\"name\":\"Dialog\",\"item\":\"https:\\\/\\\/tec5.com\\\/de\\\/dialog\\\/\"},{\"@type\":\"ListItem\",\"position\":3,\"name\":\"LASER World of PHOTONICS 2025 &#8211; Spectral Afterglow\"}]},{\"@type\":\"WebSite\",\"@id\":\"https:\\\/\\\/tec5.com\\\/de\\\/#website\",\"url\":\"https:\\\/\\\/tec5.com\\\/de\\\/\",\"name\":\"tec5\",\"description\":\"Process Spectroscopy\",\"publisher\":{\"@id\":\"https:\\\/\\\/tec5.com\\\/de\\\/#organization\"},\"potentialAction\":[{\"@type\":\"SearchAction\",\"target\":{\"@type\":\"EntryPoint\",\"urlTemplate\":\"https:\\\/\\\/tec5.com\\\/de\\\/?s={search_term_string}\"},\"query-input\":{\"@type\":\"PropertyValueSpecification\",\"valueRequired\":true,\"valueName\":\"search_term_string\"}}],\"inLanguage\":\"de\"},{\"@type\":\"Organization\",\"@id\":\"https:\\\/\\\/tec5.com\\\/de\\\/#organization\",\"name\":\"tec5\",\"url\":\"https:\\\/\\\/tec5.com\\\/de\\\/\",\"logo\":{\"@type\":\"ImageObject\",\"inLanguage\":\"de\",\"@id\":\"https:\\\/\\\/tec5.com\\\/de\\\/#\\\/schema\\\/logo\\\/image\\\/\",\"url\":\"https:\\\/\\\/tec5.com\\\/wp-content\\\/uploads\\\/2021\\\/01\\\/Teaser_tec5-2.png\",\"contentUrl\":\"https:\\\/\\\/tec5.com\\\/wp-content\\\/uploads\\\/2021\\\/01\\\/Teaser_tec5-2.png\",\"width\":1159,\"height\":221,\"caption\":\"tec5\"},\"image\":{\"@id\":\"https:\\\/\\\/tec5.com\\\/de\\\/#\\\/schema\\\/logo\\\/image\\\/\"},\"sameAs\":[\"https:\\\/\\\/www.linkedin.com\\\/company\\\/tec5-ag\\\/\"]}]}<\/script>\n<!-- \/ Yoast SEO plugin. -->","yoast_head_json":{"title":"LASER World of PHOTONICS 2025 - Spectral Afterglow - tec5","description":"Besuchen Sie uns in Halle 3, Stand 218. Reservieren Sie jetzt Ihren pers\u00f6nlichen Termin mit unseren Spektroskopie- und PAT-Experten.","robots":{"index":"index","follow":"follow","max-snippet":"max-snippet:-1","max-image-preview":"max-image-preview:large","max-video-preview":"max-video-preview:-1"},"canonical":"https:\/\/tec5.com\/de\/dialog\/laser-world-of-photonics-2025-spectral-afterglow\/","og_locale":"de_DE","og_type":"article","og_title":"LASER World of PHOTONICS 2025 - Spectral Afterglow - tec5","og_description":"Besuchen Sie uns in Halle 3, Stand 218. Reservieren Sie jetzt Ihren pers\u00f6nlichen Termin mit unseren Spektroskopie- und PAT-Experten.","og_url":"https:\/\/tec5.com\/de\/dialog\/laser-world-of-photonics-2025-spectral-afterglow\/","og_site_name":"tec5","article_modified_time":"2025-09-02T08:20:12+00:00","og_image":[{"width":1280,"height":200,"url":"https:\/\/tec5.com\/wp-content\/uploads\/2025\/05\/LaserWoP-Afterglow-Banner2-e1746178035832.jpg?_t=1760359694","type":"image\/jpeg"}],"twitter_card":"summary_large_image","twitter_misc":{"Gesch\u00e4tzte Lesezeit":"2\u00a0Minuten"},"schema":{"@context":"https:\/\/schema.org","@graph":[{"@type":"WebPage","@id":"https:\/\/tec5.com\/de\/dialog\/laser-world-of-photonics-2025-spectral-afterglow\/","url":"https:\/\/tec5.com\/de\/dialog\/laser-world-of-photonics-2025-spectral-afterglow\/","name":"LASER World of PHOTONICS 2025 - Spectral Afterglow - tec5","isPartOf":{"@id":"https:\/\/tec5.com\/de\/#website"},"primaryImageOfPage":{"@id":"https:\/\/tec5.com\/de\/dialog\/laser-world-of-photonics-2025-spectral-afterglow\/#primaryimage"},"image":{"@id":"https:\/\/tec5.com\/de\/dialog\/laser-world-of-photonics-2025-spectral-afterglow\/#primaryimage"},"thumbnailUrl":"https:\/\/tec5.com\/wp-content\/uploads\/2025\/05\/LaserWoP-Afterglow-Banner2-e1746178035832.jpg","datePublished":"2025-05-20T07:32:19+00:00","dateModified":"2025-09-02T08:20:12+00:00","description":"Besuchen Sie uns in Halle 3, Stand 218. Reservieren Sie jetzt Ihren pers\u00f6nlichen Termin mit unseren Spektroskopie- und PAT-Experten.","breadcrumb":{"@id":"https:\/\/tec5.com\/de\/dialog\/laser-world-of-photonics-2025-spectral-afterglow\/#breadcrumb"},"inLanguage":"de","potentialAction":[{"@type":"ReadAction","target":["https:\/\/tec5.com\/de\/dialog\/laser-world-of-photonics-2025-spectral-afterglow\/"]}]},{"@type":"ImageObject","inLanguage":"de","@id":"https:\/\/tec5.com\/de\/dialog\/laser-world-of-photonics-2025-spectral-afterglow\/#primaryimage","url":"https:\/\/tec5.com\/wp-content\/uploads\/2025\/05\/LaserWoP-Afterglow-Banner2-e1746178035832.jpg","contentUrl":"https:\/\/tec5.com\/wp-content\/uploads\/2025\/05\/LaserWoP-Afterglow-Banner2-e1746178035832.jpg","width":1280,"height":200},{"@type":"BreadcrumbList","@id":"https:\/\/tec5.com\/de\/dialog\/laser-world-of-photonics-2025-spectral-afterglow\/#breadcrumb","itemListElement":[{"@type":"ListItem","position":1,"name":"Startseite","item":"https:\/\/tec5.com\/de\/"},{"@type":"ListItem","position":2,"name":"Dialog","item":"https:\/\/tec5.com\/de\/dialog\/"},{"@type":"ListItem","position":3,"name":"LASER World of PHOTONICS 2025 &#8211; Spectral Afterglow"}]},{"@type":"WebSite","@id":"https:\/\/tec5.com\/de\/#website","url":"https:\/\/tec5.com\/de\/","name":"tec5","description":"Process Spectroscopy","publisher":{"@id":"https:\/\/tec5.com\/de\/#organization"},"potentialAction":[{"@type":"SearchAction","target":{"@type":"EntryPoint","urlTemplate":"https:\/\/tec5.com\/de\/?s={search_term_string}"},"query-input":{"@type":"PropertyValueSpecification","valueRequired":true,"valueName":"search_term_string"}}],"inLanguage":"de"},{"@type":"Organization","@id":"https:\/\/tec5.com\/de\/#organization","name":"tec5","url":"https:\/\/tec5.com\/de\/","logo":{"@type":"ImageObject","inLanguage":"de","@id":"https:\/\/tec5.com\/de\/#\/schema\/logo\/image\/","url":"https:\/\/tec5.com\/wp-content\/uploads\/2021\/01\/Teaser_tec5-2.png","contentUrl":"https:\/\/tec5.com\/wp-content\/uploads\/2021\/01\/Teaser_tec5-2.png","width":1159,"height":221,"caption":"tec5"},"image":{"@id":"https:\/\/tec5.com\/de\/#\/schema\/logo\/image\/"},"sameAs":["https:\/\/www.linkedin.com\/company\/tec5-ag\/"]}]}},"_links":{"self":[{"href":"https:\/\/tec5.com\/de\/wp-json\/wp\/v2\/pages\/9313","targetHints":{"allow":["GET"]}}],"collection":[{"href":"https:\/\/tec5.com\/de\/wp-json\/wp\/v2\/pages"}],"about":[{"href":"https:\/\/tec5.com\/de\/wp-json\/wp\/v2\/types\/page"}],"author":[{"embeddable":true,"href":"https:\/\/tec5.com\/de\/wp-json\/wp\/v2\/users\/10"}],"replies":[{"embeddable":true,"href":"https:\/\/tec5.com\/de\/wp-json\/wp\/v2\/comments?post=9313"}],"version-history":[{"count":6,"href":"https:\/\/tec5.com\/de\/wp-json\/wp\/v2\/pages\/9313\/revisions"}],"predecessor-version":[{"id":9723,"href":"https:\/\/tec5.com\/de\/wp-json\/wp\/v2\/pages\/9313\/revisions\/9723"}],"up":[{"embeddable":true,"href":"https:\/\/tec5.com\/de\/wp-json\/wp\/v2\/pages\/6120"}],"wp:featuredmedia":[{"embeddable":true,"href":"https:\/\/tec5.com\/de\/wp-json\/wp\/v2\/media\/9209"}],"wp:attachment":[{"href":"https:\/\/tec5.com\/de\/wp-json\/wp\/v2\/media?parent=9313"}],"wp:term":[{"taxonomy":"post_tag","embeddable":true,"href":"https:\/\/tec5.com\/de\/wp-json\/wp\/v2\/tags?post=9313"}],"curies":[{"name":"wp","href":"https:\/\/api.w.org\/{rel}","templated":true}]}}